{"id":149,"date":"2021-04-25T12:07:59","date_gmt":"2021-04-25T12:07:59","guid":{"rendered":"http:\/\/s522784910.online.de\/?page_id=149"},"modified":"2026-03-03T16:09:46","modified_gmt":"2026-03-03T16:09:46","slug":"news","status":"publish","type":"page","link":"https:\/\/atb-heuchelheim.de\/?page_id=149","title":{"rendered":"News"},"content":{"rendered":"\n<figure class=\"wp-block-image size-large\"><img loading=\"lazy\" decoding=\"async\" width=\"724\" height=\"1024\" src=\"https:\/\/atb-heuchelheim.de\/wp-content\/uploads\/2026\/03\/ATB-Treff_Anzeige-DIN-A4-Leichtathletik-3-724x1024.jpg\" alt=\"\" class=\"wp-image-579\" srcset=\"https:\/\/atb-heuchelheim.de\/wp-content\/uploads\/2026\/03\/ATB-Treff_Anzeige-DIN-A4-Leichtathletik-3-724x1024.jpg 724w, https:\/\/atb-heuchelheim.de\/wp-content\/uploads\/2026\/03\/ATB-Treff_Anzeige-DIN-A4-Leichtathletik-3-212x300.jpg 212w, https:\/\/atb-heuchelheim.de\/wp-content\/uploads\/2026\/03\/ATB-Treff_Anzeige-DIN-A4-Leichtathletik-3-768x1086.jpg 768w, https:\/\/atb-heuchelheim.de\/wp-content\/uploads\/2026\/03\/ATB-Treff_Anzeige-DIN-A4-Leichtathletik-3-1086x1536.jpg 1086w, https:\/\/atb-heuchelheim.de\/wp-content\/uploads\/2026\/03\/ATB-Treff_Anzeige-DIN-A4-Leichtathletik-3-300x424.jpg 300w, https:\/\/atb-heuchelheim.de\/wp-content\/uploads\/2026\/03\/ATB-Treff_Anzeige-DIN-A4-Leichtathletik-3-850x1202.jpg 850w, https:\/\/atb-heuchelheim.de\/wp-content\/uploads\/2026\/03\/ATB-Treff_Anzeige-DIN-A4-Leichtathletik-3.jpg 1240w\" sizes=\"auto, (max-width: 724px) 100vw, 724px\" \/><\/figure>\n\n\n\n<p><\/p>\n\n\n\n<figure class=\"wp-block-image size-large\"><img loading=\"lazy\" decoding=\"async\" width=\"724\" height=\"1024\" src=\"https:\/\/atb-heuchelheim.de\/wp-content\/uploads\/2026\/03\/ATB-Treff_Anzeige-DIN-A4-HSG3-724x1024.jpg\" alt=\"\" class=\"wp-image-578\" srcset=\"https:\/\/atb-heuchelheim.de\/wp-content\/uploads\/2026\/03\/ATB-Treff_Anzeige-DIN-A4-HSG3-724x1024.jpg 724w, https:\/\/atb-heuchelheim.de\/wp-content\/uploads\/2026\/03\/ATB-Treff_Anzeige-DIN-A4-HSG3-212x300.jpg 212w, https:\/\/atb-heuchelheim.de\/wp-content\/uploads\/2026\/03\/ATB-Treff_Anzeige-DIN-A4-HSG3-768x1086.jpg 768w, https:\/\/atb-heuchelheim.de\/wp-content\/uploads\/2026\/03\/ATB-Treff_Anzeige-DIN-A4-HSG3-1086x1536.jpg 1086w, https:\/\/atb-heuchelheim.de\/wp-content\/uploads\/2026\/03\/ATB-Treff_Anzeige-DIN-A4-HSG3-300x424.jpg 300w, https:\/\/atb-heuchelheim.de\/wp-content\/uploads\/2026\/03\/ATB-Treff_Anzeige-DIN-A4-HSG3-850x1202.jpg 850w, https:\/\/atb-heuchelheim.de\/wp-content\/uploads\/2026\/03\/ATB-Treff_Anzeige-DIN-A4-HSG3.jpg 1240w\" sizes=\"auto, (max-width: 724px) 100vw, 724px\" \/><\/figure>\n\n\n\n<p><\/p>\n\n\n\n<p><\/p>\n\n\n\n<p>Herzliche Einladung am 06. Januar. Feiert mit uns den Start ins neue Jahr.<\/p>\n\n\n\n<figure class=\"wp-block-image size-large\"><img loading=\"lazy\" decoding=\"async\" width=\"724\" height=\"1024\" src=\"https:\/\/atb-heuchelheim.de\/wp-content\/uploads\/2026\/01\/ATB-Treff_AZ-DIN-A4-HSGRetro-4-724x1024.jpg\" alt=\"\" class=\"wp-image-574\" srcset=\"https:\/\/atb-heuchelheim.de\/wp-content\/uploads\/2026\/01\/ATB-Treff_AZ-DIN-A4-HSGRetro-4-724x1024.jpg 724w, https:\/\/atb-heuchelheim.de\/wp-content\/uploads\/2026\/01\/ATB-Treff_AZ-DIN-A4-HSGRetro-4-212x300.jpg 212w, https:\/\/atb-heuchelheim.de\/wp-content\/uploads\/2026\/01\/ATB-Treff_AZ-DIN-A4-HSGRetro-4-768x1086.jpg 768w, https:\/\/atb-heuchelheim.de\/wp-content\/uploads\/2026\/01\/ATB-Treff_AZ-DIN-A4-HSGRetro-4-1086x1536.jpg 1086w, https:\/\/atb-heuchelheim.de\/wp-content\/uploads\/2026\/01\/ATB-Treff_AZ-DIN-A4-HSGRetro-4-300x424.jpg 300w, https:\/\/atb-heuchelheim.de\/wp-content\/uploads\/2026\/01\/ATB-Treff_AZ-DIN-A4-HSGRetro-4-850x1202.jpg 850w, https:\/\/atb-heuchelheim.de\/wp-content\/uploads\/2026\/01\/ATB-Treff_AZ-DIN-A4-HSGRetro-4.jpg 1240w\" sizes=\"auto, (max-width: 724px) 100vw, 724px\" \/><\/figure>\n\n\n\n<p>Willkommen beim n\u00e4chsten ATB-Treff am 02. Dezember.<\/p>\n\n\n\n<figure class=\"wp-block-image size-large\"><img loading=\"lazy\" decoding=\"async\" width=\"724\" height=\"1024\" src=\"https:\/\/atb-heuchelheim.de\/wp-content\/uploads\/2025\/12\/ATB-Treff_AZ-DIN-A4-Badminton3-724x1024.jpg\" alt=\"\" class=\"wp-image-570\" srcset=\"https:\/\/atb-heuchelheim.de\/wp-content\/uploads\/2025\/12\/ATB-Treff_AZ-DIN-A4-Badminton3-724x1024.jpg 724w, https:\/\/atb-heuchelheim.de\/wp-content\/uploads\/2025\/12\/ATB-Treff_AZ-DIN-A4-Badminton3-212x300.jpg 212w, https:\/\/atb-heuchelheim.de\/wp-content\/uploads\/2025\/12\/ATB-Treff_AZ-DIN-A4-Badminton3-768x1086.jpg 768w, https:\/\/atb-heuchelheim.de\/wp-content\/uploads\/2025\/12\/ATB-Treff_AZ-DIN-A4-Badminton3-1086x1536.jpg 1086w, https:\/\/atb-heuchelheim.de\/wp-content\/uploads\/2025\/12\/ATB-Treff_AZ-DIN-A4-Badminton3-300x424.jpg 300w, https:\/\/atb-heuchelheim.de\/wp-content\/uploads\/2025\/12\/ATB-Treff_AZ-DIN-A4-Badminton3-850x1202.jpg 850w, https:\/\/atb-heuchelheim.de\/wp-content\/uploads\/2025\/12\/ATB-Treff_AZ-DIN-A4-Badminton3.jpg 1240w\" sizes=\"auto, (max-width: 724px) 100vw, 724px\" \/><\/figure>\n\n\n\n<p>Wir freuen uns auf den n\u00e4chsten ATB-Treff am 04. November. <\/p>\n\n\n\n<figure class=\"wp-block-image size-large\"><img loading=\"lazy\" decoding=\"async\" width=\"724\" height=\"1024\" src=\"https:\/\/atb-heuchelheim.de\/wp-content\/uploads\/2025\/10\/ATB-Treff_Anzeige-DIN-A4-Mann-Frau-3-724x1024.jpeg\" alt=\"\" class=\"wp-image-565\" srcset=\"https:\/\/atb-heuchelheim.de\/wp-content\/uploads\/2025\/10\/ATB-Treff_Anzeige-DIN-A4-Mann-Frau-3-724x1024.jpeg 724w, https:\/\/atb-heuchelheim.de\/wp-content\/uploads\/2025\/10\/ATB-Treff_Anzeige-DIN-A4-Mann-Frau-3-212x300.jpeg 212w, https:\/\/atb-heuchelheim.de\/wp-content\/uploads\/2025\/10\/ATB-Treff_Anzeige-DIN-A4-Mann-Frau-3-768x1086.jpeg 768w, https:\/\/atb-heuchelheim.de\/wp-content\/uploads\/2025\/10\/ATB-Treff_Anzeige-DIN-A4-Mann-Frau-3-300x424.jpeg 300w, https:\/\/atb-heuchelheim.de\/wp-content\/uploads\/2025\/10\/ATB-Treff_Anzeige-DIN-A4-Mann-Frau-3-850x1202.jpeg 850w, https:\/\/atb-heuchelheim.de\/wp-content\/uploads\/2025\/10\/ATB-Treff_Anzeige-DIN-A4-Mann-Frau-3.jpeg 905w\" sizes=\"auto, (max-width: 724px) 100vw, 724px\" \/><\/figure>\n\n\n\n<h2 class=\"wp-block-heading has-vivid-red-color has-text-color has-link-color has-large-font-size wp-elements-a22c4f57f61925eb3c32601b1e0f5199\">NEU! <\/h2>\n\n\n\n<p class=\"has-very-light-gray-color has-cyan-bluish-gray-background-color has-text-color has-background has-link-color has-medium-font-size wp-elements-b599f38089f86ff1421982a8d8ed5136\" style=\"letter-spacing:0px;text-transform:none\">Donnerstags von 17:15  bis 18:45 Uhr findet in der Mehrzweckhalle der Kurs Yoga\/Leichtathletik statt.<\/p>\n\n\n\n<p class=\"has-very-dark-gray-color has-text-color has-link-color wp-elements-aa81ae5d56960ed3f352ceee966e3854\">Mitglieder zahlen f\u00fcr einen Kurs mit 10 Einheiten 30 Euro. Nichtmitglieder 80 Euro.<\/p>\n\n\n\n<p><\/p>\n\n\n\n<p><\/p>\n\n\n\n<p class=\"has-very-light-gray-color has-vivid-cyan-blue-background-color has-text-color has-background has-link-color has-medium-font-size wp-elements-9e93f4a8a201d0f72adbfa242ff762e6\">Ab Oktober findet unser ATB-Treff  wieder statt.<\/p>\n\n\n\n<p>Am 07. Oktober wird der ATB-Treff von der Abteilung Retro-Handball ausgerichtet. <\/p>\n\n\n\n<figure class=\"wp-block-image size-large\"><img loading=\"lazy\" decoding=\"async\" width=\"724\" height=\"1024\" src=\"https:\/\/atb-heuchelheim.de\/wp-content\/uploads\/2025\/09\/ATB-Treff_AZ-DIN-A4-HSGRetro-3-724x1024.jpg\" alt=\"\" class=\"wp-image-562\" srcset=\"https:\/\/atb-heuchelheim.de\/wp-content\/uploads\/2025\/09\/ATB-Treff_AZ-DIN-A4-HSGRetro-3-724x1024.jpg 724w, https:\/\/atb-heuchelheim.de\/wp-content\/uploads\/2025\/09\/ATB-Treff_AZ-DIN-A4-HSGRetro-3-212x300.jpg 212w, https:\/\/atb-heuchelheim.de\/wp-content\/uploads\/2025\/09\/ATB-Treff_AZ-DIN-A4-HSGRetro-3-768x1086.jpg 768w, https:\/\/atb-heuchelheim.de\/wp-content\/uploads\/2025\/09\/ATB-Treff_AZ-DIN-A4-HSGRetro-3-1086x1536.jpg 1086w, https:\/\/atb-heuchelheim.de\/wp-content\/uploads\/2025\/09\/ATB-Treff_AZ-DIN-A4-HSGRetro-3-300x424.jpg 300w, https:\/\/atb-heuchelheim.de\/wp-content\/uploads\/2025\/09\/ATB-Treff_AZ-DIN-A4-HSGRetro-3-850x1202.jpg 850w, https:\/\/atb-heuchelheim.de\/wp-content\/uploads\/2025\/09\/ATB-Treff_AZ-DIN-A4-HSGRetro-3.jpg 1240w\" sizes=\"auto, (max-width: 724px) 100vw, 724px\" \/><\/figure>\n\n\n\n<figure class=\"wp-block-image size-large\"><img loading=\"lazy\" decoding=\"async\" width=\"722\" height=\"1024\" src=\"https:\/\/atb-heuchelheim.de\/wp-content\/uploads\/2025\/05\/DIN-A-4_ATB-Heuchelheim_125Jahre-722x1024.jpg\" alt=\"\" class=\"wp-image-512\" srcset=\"https:\/\/atb-heuchelheim.de\/wp-content\/uploads\/2025\/05\/DIN-A-4_ATB-Heuchelheim_125Jahre-722x1024.jpg 722w, https:\/\/atb-heuchelheim.de\/wp-content\/uploads\/2025\/05\/DIN-A-4_ATB-Heuchelheim_125Jahre-211x300.jpg 211w, https:\/\/atb-heuchelheim.de\/wp-content\/uploads\/2025\/05\/DIN-A-4_ATB-Heuchelheim_125Jahre-768x1090.jpg 768w, https:\/\/atb-heuchelheim.de\/wp-content\/uploads\/2025\/05\/DIN-A-4_ATB-Heuchelheim_125Jahre-300x426.jpg 300w, https:\/\/atb-heuchelheim.de\/wp-content\/uploads\/2025\/05\/DIN-A-4_ATB-Heuchelheim_125Jahre-850x1206.jpg 850w, https:\/\/atb-heuchelheim.de\/wp-content\/uploads\/2025\/05\/DIN-A-4_ATB-Heuchelheim_125Jahre.jpg 874w\" sizes=\"auto, (max-width: 722px) 100vw, 722px\" \/><\/figure>\n\n\n\n<p>Am 07. Januar laden wir ein zum ersten ATB-Treff in 2025<\/p>\n\n\n\n<figure class=\"wp-block-image size-large\"><img loading=\"lazy\" decoding=\"async\" width=\"724\" height=\"1024\" src=\"https:\/\/atb-heuchelheim.de\/wp-content\/uploads\/2024\/12\/ATB-Treff_AZ-DIN-A4-HSGRetro-2-724x1024.jpg\" alt=\"\" class=\"wp-image-481\" srcset=\"https:\/\/atb-heuchelheim.de\/wp-content\/uploads\/2024\/12\/ATB-Treff_AZ-DIN-A4-HSGRetro-2-724x1024.jpg 724w, https:\/\/atb-heuchelheim.de\/wp-content\/uploads\/2024\/12\/ATB-Treff_AZ-DIN-A4-HSGRetro-2-212x300.jpg 212w, https:\/\/atb-heuchelheim.de\/wp-content\/uploads\/2024\/12\/ATB-Treff_AZ-DIN-A4-HSGRetro-2-768x1086.jpg 768w, https:\/\/atb-heuchelheim.de\/wp-content\/uploads\/2024\/12\/ATB-Treff_AZ-DIN-A4-HSGRetro-2-1086x1536.jpg 1086w, https:\/\/atb-heuchelheim.de\/wp-content\/uploads\/2024\/12\/ATB-Treff_AZ-DIN-A4-HSGRetro-2-300x424.jpg 300w, https:\/\/atb-heuchelheim.de\/wp-content\/uploads\/2024\/12\/ATB-Treff_AZ-DIN-A4-HSGRetro-2-850x1202.jpg 850w, https:\/\/atb-heuchelheim.de\/wp-content\/uploads\/2024\/12\/ATB-Treff_AZ-DIN-A4-HSGRetro-2.jpg 1240w\" sizes=\"auto, (max-width: 724px) 100vw, 724px\" \/><\/figure>\n\n\n<style>.wp-block-kadence-spacer.kt-block-spacer-149_d0e4b8-13 .kt-block-spacer{height:60px;}.wp-block-kadence-spacer.kt-block-spacer-149_d0e4b8-13 .kt-divider{border-top-width:1px;height:1px;border-top-color:#050255;width:100%;border-top-style:solid;}<\/style>\n<div class=\"wp-block-kadence-spacer aligncenter kt-block-spacer-149_d0e4b8-13\"><div class=\"kt-block-spacer kt-block-spacer-halign-center\"><hr class=\"kt-divider\"\/><\/div><\/div>\n\n\n\n<h2 class=\"wp-block-heading has-text-color\" style=\"color:#050522\">Leni Raffel 2x Gold und 1x Silber<\/h2>\n\n\n\n<p>17.08.2019<\/p>\n\n\n\n<p>Bei ihrer ersten Teilnahme bei den Bezirksmeisterschaften Vorderpfalz konnte Leni Raffel bei drei Starts drei pers\u00f6nliche Bestleistungen erzielen.<\/p>\n\n\n\n<p>Den 75m Lauf beendete sie in 10,87 sec. und gewann damit die Silbermedaille. Im Weitsprung setzte sie im ersten Versuch gleich mit 4,69m ein Ausrufezeichen, was letztlich zum 1. Platz und der Goldmedaille reichte. Beim Kugelsto\u00dfen war das Feld anfangs sehr ausgeglichen. Hier setzte sie sich im 2. Versuch mit 6,40m an die Spitze, wurde aber im 3. Versuch auf den 2. Platz verdr\u00e4ngt. Im 5. Versuch stie\u00df sie dann die Kugel uneinholbar f\u00fcr die Konkurrenz auf 7m, was auch hier am Ende die Goldmedaille bedeutete.<\/p>\n\n\n\n<p>F\u00fcr Leni ein erfolgreicher Start in den Meisterschaftsreigen. Die Vorstandschaft gratuliert herzlich und ist sehr stolz auf diese Ergebnisse.<\/p>\n\n\n\n\n<style>.wp-block-kadence-spacer.kt-block-spacer-_b47814-61 .kt-block-spacer{height:60px;}.wp-block-kadence-spacer.kt-block-spacer-_b47814-61 .kt-divider{border-top-width:1px;height:1px;border-top-color:#050255;width:100%;border-top-style:solid;}<\/style>\n<div class=\"wp-block-kadence-spacer aligncenter kt-block-spacer-_b47814-61\"><div class=\"kt-block-spacer kt-block-spacer-halign-center\" style=\"height:60px\"><hr class=\"kt-divider\" style=\"border-top-color:rgba(5, 2, 85, 1);border-top-width:1px;width:100%;border-top-style:solid\"\/><\/div><\/div>\n\n\n\n<h2 class=\"wp-block-heading\"><span style=\"color:#050255\" class=\"tadv-color\">Edmund \u201eEde\u201c Schr\u00f6der wird Ehrenmitglied<\/span><\/h2>\n\n\n\n<figure class=\"wp-block-image size-large is-resized\"><img loading=\"lazy\" decoding=\"async\" width=\"294\" height=\"521\" src=\"https:\/\/atb-heuchelheim.de\/wp-content\/uploads\/2021\/04\/Ede_Ehrenmitglied.png\" alt=\"\" class=\"wp-image-214\" style=\"width:218px;height:386px\" srcset=\"https:\/\/atb-heuchelheim.de\/wp-content\/uploads\/2021\/04\/Ede_Ehrenmitglied.png 294w, https:\/\/atb-heuchelheim.de\/wp-content\/uploads\/2021\/04\/Ede_Ehrenmitglied-169x300.png 169w\" sizes=\"auto, (max-width: 294px) 100vw, 294px\" \/><\/figure>\n\n\n\n<p>&#8220;Ede&#8221; Schr\u00f6der, das Urgestein der Strunzerfastnacht, wird anl\u00e4sslich der Generalversammlung 2019 zum Ehrenmitglied ernannt. Wir gratulieren recht herzlich!<\/p>\n\n\n<style>.wp-block-kadence-spacer.kt-block-spacer-_9bb044-85 .kt-block-spacer{height:60px;}.wp-block-kadence-spacer.kt-block-spacer-_9bb044-85 .kt-divider{border-top-width:1px;height:1px;border-top-color:#050255;width:100%;border-top-style:solid;}<\/style>\n<div class=\"wp-block-kadence-spacer aligncenter kt-block-spacer-_9bb044-85\"><div class=\"kt-block-spacer kt-block-spacer-halign-center\" style=\"height:60px\"><hr class=\"kt-divider\" style=\"border-top-color:rgba(5, 2, 85, 1);border-top-width:1px;width:100%;border-top-style:solid\"\/><\/div><\/div>\n","protected":false},"excerpt":{"rendered":"<p>Herzliche Einladung am 06. Januar. Feiert mit uns den Start ins neue Jahr. Willkommen beim n\u00e4chsten ATB-Treff am 02. Dezember. Wir freuen uns auf den n\u00e4chsten ATB-Treff am 04. November. NEU! Donnerstags von 17:15 bis 18:45 Uhr findet in der Mehrzweckhalle der Kurs Yoga\/Leichtathletik statt. Mitglieder zahlen f\u00fcr einen Kurs mit 10 Einheiten 30 Euro&#8230;.<\/p>\n","protected":false},"author":1,"featured_media":0,"parent":89,"menu_order":0,"comment_status":"closed","ping_status":"closed","template":"templates\/full-width.php","meta":{"ngg_post_thumbnail":0,"footnotes":""},"class_list":["post-149","page","type-page","status-publish","hentry"],"_links":{"self":[{"href":"https:\/\/atb-heuchelheim.de\/index.php?rest_route=\/wp\/v2\/pages\/149","targetHints":{"allow":["GET"]}}],"collection":[{"href":"https:\/\/atb-heuchelheim.de\/index.php?rest_route=\/wp\/v2\/pages"}],"about":[{"href":"https:\/\/atb-heuchelheim.de\/index.php?rest_route=\/wp\/v2\/types\/page"}],"author":[{"embeddable":true,"href":"https:\/\/atb-heuchelheim.de\/index.php?rest_route=\/wp\/v2\/users\/1"}],"replies":[{"embeddable":true,"href":"https:\/\/atb-heuchelheim.de\/index.php?rest_route=%2Fwp%2Fv2%2Fcomments&post=149"}],"version-history":[{"count":24,"href":"https:\/\/atb-heuchelheim.de\/index.php?rest_route=\/wp\/v2\/pages\/149\/revisions"}],"predecessor-version":[{"id":581,"href":"https:\/\/atb-heuchelheim.de\/index.php?rest_route=\/wp\/v2\/pages\/149\/revisions\/581"}],"up":[{"embeddable":true,"href":"https:\/\/atb-heuchelheim.de\/index.php?rest_route=\/wp\/v2\/pages\/89"}],"wp:attachment":[{"href":"https:\/\/atb-heuchelheim.de\/index.php?rest_route=%2Fwp%2Fv2%2Fmedia&parent=149"}],"curies":[{"name":"wp","href":"https:\/\/api.w.org\/{rel}","templated":true}]}}